{"id":103984,"date":"2017-03-22T23:57:04","date_gmt":"2017-03-22T23:57:04","guid":{"rendered":"http:\/\/keramika.holest.com\/slovenija\/product\/natucer-klinker-mattone-vask\/"},"modified":"2026-01-03T00:01:20","modified_gmt":"2026-01-03T00:01:20","slug":"natucer-klinker-mattone-vask","status":"publish","type":"product","link":"https:\/\/www.keramika.com\/slovenija\/natucer-klinker-mattone-vask\/","title":{"rendered":"Natucer klinker Mattone Vask"},"content":{"rendered":"<p>Z 25&#215;50 cm je ta plo\u0161\u010dica primerna za razli\u010dne podlage. Natucer klinker Mattone Vask je pripeljana iz \u0160panije in je zelo kvalitetna. 9 mm je debelina, ki zadovolji tudi zahtevnej\u0161e kupce. Ta plo\u0161\u010dica je na voljo v \u010dudoviti be\u017e barvi, \u010de \u017eelite kak\u0161no drugo barvo pa nas kontaktirajte in preverili bomo pri proizvajalcu. Zaradi ni\u017ejih stro\u0161kov pri spletni prodaji boste na na\u0161i strani za to plo\u0161\u010dico od\u0161teli le 15,97 EUR.<\/p>\n<p>Kliknite na ime kolekcije za ogled vseh plo\u0161\u010dic iz te serije: <a class=\"pdfcatal\" href=\"\/\/www.ceramictiles.com\/pdf\/natucer\/catalogue_natucer_mattone_pav.pdf\" onclick=\"recordOutboundLink(this, 'E-mail', 'Description PDF');return false;\">Natucer Ceramica Mattone Pav<\/a><\/p>\n<p>\u010ce \u017eelite naro\u010diti model iz pdf kataloga te kolekcije, nam pi\u0161ite na: <a href=\"mailto:keramoteka.salon@gmail.com\" onclick=\"recordOutboundLink(this, 'E-mail', 'Description mail');return false;\">keramoteka.salon@gmail.com<\/a> ali pa nas pokli\u010dite na: 031 255 900.<\/p>\n<p>Technical description: <br \/> F 25&#215;50 <br \/>Mattone Valge ; Mattone Must ; Mattone Kuld ; Mattone Vask ;<\/p>\n","protected":false},"excerpt":{"rendered":"<p>Z 25&#215;50 cm je ta plo\u0161\u010dica primerna za razli\u010dne podlage. Natucer klinker Mattone Vask je pripeljana iz \u0160panije in je zelo kvalitetna. 9 mm je debelina, ki zadovolji tudi zahtevnej\u0161e kupce. Ta plo\u0161\u010dica je na voljo v \u010dudoviti be\u017e barvi, \u010de \u017eelite kak\u0161no drugo barvo pa nas kontaktirajte in preverili bomo pri proizvajalcu. Zaradi ni\u017ejih [&hellip;]<\/p>\n","protected":false},"featured_media":103985,"template":"","meta":[],"product_cat":[100,9991435,120,999],"product_tag":[],"_links":{"self":[{"href":"https:\/\/www.keramika.com\/slovenija\/wp-json\/wp\/v2\/product\/103984"}],"collection":[{"href":"https:\/\/www.keramika.com\/slovenija\/wp-json\/wp\/v2\/product"}],"about":[{"href":"https:\/\/www.keramika.com\/slovenija\/wp-json\/wp\/v2\/types\/product"}],"wp:featuredmedia":[{"embeddable":true,"href":"https:\/\/www.keramika.com\/slovenija\/wp-json\/wp\/v2\/media\/103985"}],"wp:attachment":[{"href":"https:\/\/www.keramika.com\/slovenija\/wp-json\/wp\/v2\/media?parent=103984"}],"wp:term":[{"taxonomy":"product_cat","embeddable":true,"href":"https:\/\/www.keramika.com\/slovenija\/wp-json\/wp\/v2\/product_cat?post=103984"},{"taxonomy":"product_tag","embeddable":true,"href":"https:\/\/www.keramika.com\/slovenija\/wp-json\/wp\/v2\/product_tag?post=103984"}],"curies":[{"name":"wp","href":"https:\/\/api.w.org\/{rel}","templated":true}]}}